{"id":3911,"date":"2025-05-19T14:17:22","date_gmt":"2025-05-19T12:17:22","guid":{"rendered":"https:\/\/www.letsgocompany.com\/?post_type=evento&#038;p=3911"},"modified":"2025-07-30T11:31:23","modified_gmt":"2025-07-30T09:31:23","slug":"el-fantasma-de-la-opera-2","status":"publish","type":"evento","link":"https:\/\/www.letsgocompany.com\/es\/evento\/el-fantasma-de-la-opera-2\/","title":{"rendered":"El Fantasma de la \u00d3pera"},"content":{"rendered":"<p>D\u00e9jate cautivar por el espect\u00e1culo que ha conquistado escenarios alrededor del globo durante d\u00e9cadas. Misterio, pasi\u00f3n y melod\u00edas inolvidables se entrelazan en un romance apasionado envuelto en un velo de secreto. Esta temporada, ad\u00e9ntrate en la m\u00e1s sombr\u00eda historia de amor oculta tras una m\u00e1scara.<\/p>\n<p>Emb\u00e1rcate en un torbellino de obsesi\u00f3n a trav\u00e9s de <strong>El fantasma de la \u00f3pera<\/strong>\u00a0y desvela una trama apasionante de amor, tragedia y misterio. Un genio musical, recluido en los rincones m\u00e1s oscuros de un teatro, y Christine, una joven con una voz celestial, se enfrentan a un dilema: resistir\u00e1n el hechizo del fantasma o caer\u00e1n en su mundo de oscuridad y locura.<\/p>\n<p><strong>El fantasma de la \u00f3pera<\/strong>, el musical que ha cautivado a generaciones en todo el mundo. \u00bfSer\u00e1s t\u00fa el siguiente en sucumbir a su encanto?<\/p>\n<p><strong>El Fantasma de la \u00f3pera sale de gira por Espa\u00f1a.<\/strong> Durante 2025-2026, recorrer\u00e1 todo el pa\u00eds, llevando su inolvidable espect\u00e1culo a miles de personas. El musical m\u00e1s exitoso de la historia llega ahora a tu ciudad.<\/p>\n<p><a href=\"https:\/\/musicalelfantasmadelaopera.com\/\">Ir a web<\/a><\/p>\n","protected":false},"featured_media":4842,"template":"","categoria-de-evento":[49,22],"class_list":["post-3911","evento","type-evento","status-publish","has-post-thumbnail","hentry","categoria-de-evento-arte","categoria-de-evento-espectaculos"],"acf":[],"yoast_head":"<!-- This site is optimized with the Yoast SEO plugin v27.0 - https:\/\/yoast.com\/product\/yoast-seo-wordpress\/ -->\n<title>El Fantasma de la \u00d3pera - LetsGo<\/title>\n<meta name=\"robots\" content=\"index, follow, max-snippet:-1, max-image-preview:large, max-video-preview:-1\" \/>\n<link rel=\"canonical\" href=\"https:\/\/www.letsgocompany.com\/es\/evento\/el-fantasma-de-la-opera-2\/\" \/>\n<meta property=\"og:locale\" content=\"es_ES\" \/>\n<meta property=\"og:type\" content=\"article\" \/>\n<meta property=\"og:title\" content=\"El Fantasma de la \u00d3pera - LetsGo\" \/>\n<meta property=\"og:description\" content=\"D\u00e9jate cautivar por el espect\u00e1culo que ha conquistado escenarios alrededor del globo durante d\u00e9cadas. Misterio, pasi\u00f3n y melod\u00edas inolvidables se entrelazan en un romance apasionado envuelto en un velo de secreto. Esta temporada, ad\u00e9ntrate en la m\u00e1s sombr\u00eda historia de amor oculta tras una m\u00e1scara. Emb\u00e1rcate en un torbellino de obsesi\u00f3n a trav\u00e9s de El [&hellip;]\" \/>\n<meta property=\"og:site_name\" content=\"LetsGo\" \/>\n<meta property=\"article:modified_time\" content=\"2025-07-30T09:31:23+00:00\" \/>\n<meta property=\"og:image\" content=\"https:\/\/www.letsgocompany.com\/wp-content\/uploads\/2025\/05\/FANTASMA_GIRA-1.png\" \/>\n\t<meta property=\"og:image:width\" content=\"1\" \/>\n\t<meta property=\"og:image:height\" content=\"1\" \/>\n\t<meta property=\"og:image:type\" content=\"image\/png\" \/>\n<meta name=\"twitter:card\" content=\"summary_large_image\" \/>\n<meta name=\"twitter:label1\" content=\"Tiempo de lectura\" \/>\n\t<meta name=\"twitter:data1\" content=\"1 minuto\" \/>\n<script type=\"application\/ld+json\" class=\"yoast-schema-graph\">{\"@context\":\"https:\/\/schema.org\",\"@graph\":[{\"@type\":\"WebPage\",\"@id\":\"https:\/\/www.letsgocompany.com\/es\/evento\/el-fantasma-de-la-opera-2\/\",\"url\":\"https:\/\/www.letsgocompany.com\/es\/evento\/el-fantasma-de-la-opera-2\/\",\"name\":\"El Fantasma de la \u00d3pera - LetsGo\",\"isPartOf\":{\"@id\":\"https:\/\/www.letsgocompany.com\/es\/#website\"},\"primaryImageOfPage\":{\"@id\":\"https:\/\/www.letsgocompany.com\/es\/evento\/el-fantasma-de-la-opera-2\/#primaryimage\"},\"image\":{\"@id\":\"https:\/\/www.letsgocompany.com\/es\/evento\/el-fantasma-de-la-opera-2\/#primaryimage\"},\"thumbnailUrl\":\"https:\/\/www.letsgocompany.com\/wp-content\/uploads\/2025\/05\/FANTASMA_GIRA-1.png\",\"datePublished\":\"2025-05-19T12:17:22+00:00\",\"dateModified\":\"2025-07-30T09:31:23+00:00\",\"breadcrumb\":{\"@id\":\"https:\/\/www.letsgocompany.com\/es\/evento\/el-fantasma-de-la-opera-2\/#breadcrumb\"},\"inLanguage\":\"es\",\"potentialAction\":[{\"@type\":\"ReadAction\",\"target\":[\"https:\/\/www.letsgocompany.com\/es\/evento\/el-fantasma-de-la-opera-2\/\"]}]},{\"@type\":\"ImageObject\",\"inLanguage\":\"es\",\"@id\":\"https:\/\/www.letsgocompany.com\/es\/evento\/el-fantasma-de-la-opera-2\/#primaryimage\",\"url\":\"https:\/\/www.letsgocompany.com\/wp-content\/uploads\/2025\/05\/FANTASMA_GIRA-1.png\",\"contentUrl\":\"https:\/\/www.letsgocompany.com\/wp-content\/uploads\/2025\/05\/FANTASMA_GIRA-1.png\"},{\"@type\":\"BreadcrumbList\",\"@id\":\"https:\/\/www.letsgocompany.com\/es\/evento\/el-fantasma-de-la-opera-2\/#breadcrumb\",\"itemListElement\":[{\"@type\":\"ListItem\",\"position\":1,\"name\":\"Portada\",\"item\":\"https:\/\/www.letsgocompany.com\/es\/\"},{\"@type\":\"ListItem\",\"position\":2,\"name\":\"El Fantasma de la \u00d3pera\"}]},{\"@type\":\"WebSite\",\"@id\":\"https:\/\/www.letsgocompany.com\/es\/#website\",\"url\":\"https:\/\/www.letsgocompany.com\/es\/\",\"name\":\"LetsGo\",\"description\":\"\",\"potentialAction\":[{\"@type\":\"SearchAction\",\"target\":{\"@type\":\"EntryPoint\",\"urlTemplate\":\"https:\/\/www.letsgocompany.com\/es\/?s={search_term_string}\"},\"query-input\":{\"@type\":\"PropertyValueSpecification\",\"valueRequired\":true,\"valueName\":\"search_term_string\"}}],\"inLanguage\":\"es\"}]}<\/script>\n<!-- \/ Yoast SEO plugin. -->","yoast_head_json":{"title":"El Fantasma de la \u00d3pera - LetsGo","robots":{"index":"index","follow":"follow","max-snippet":"max-snippet:-1","max-image-preview":"max-image-preview:large","max-video-preview":"max-video-preview:-1"},"canonical":"https:\/\/www.letsgocompany.com\/es\/evento\/el-fantasma-de-la-opera-2\/","og_locale":"es_ES","og_type":"article","og_title":"El Fantasma de la \u00d3pera - LetsGo","og_description":"D\u00e9jate cautivar por el espect\u00e1culo que ha conquistado escenarios alrededor del globo durante d\u00e9cadas. Misterio, pasi\u00f3n y melod\u00edas inolvidables se entrelazan en un romance apasionado envuelto en un velo de secreto. Esta temporada, ad\u00e9ntrate en la m\u00e1s sombr\u00eda historia de amor oculta tras una m\u00e1scara. Emb\u00e1rcate en un torbellino de obsesi\u00f3n a trav\u00e9s de El [&hellip;]","og_site_name":"LetsGo","article_modified_time":"2025-07-30T09:31:23+00:00","og_image":[{"url":"https:\/\/www.letsgocompany.com\/wp-content\/uploads\/2025\/05\/FANTASMA_GIRA-1.png","width":1,"height":1,"type":"image\/png"}],"twitter_card":"summary_large_image","twitter_misc":{"Tiempo de lectura":"1 minuto"},"schema":{"@context":"https:\/\/schema.org","@graph":[{"@type":"WebPage","@id":"https:\/\/www.letsgocompany.com\/es\/evento\/el-fantasma-de-la-opera-2\/","url":"https:\/\/www.letsgocompany.com\/es\/evento\/el-fantasma-de-la-opera-2\/","name":"El Fantasma de la \u00d3pera - LetsGo","isPartOf":{"@id":"https:\/\/www.letsgocompany.com\/es\/#website"},"primaryImageOfPage":{"@id":"https:\/\/www.letsgocompany.com\/es\/evento\/el-fantasma-de-la-opera-2\/#primaryimage"},"image":{"@id":"https:\/\/www.letsgocompany.com\/es\/evento\/el-fantasma-de-la-opera-2\/#primaryimage"},"thumbnailUrl":"https:\/\/www.letsgocompany.com\/wp-content\/uploads\/2025\/05\/FANTASMA_GIRA-1.png","datePublished":"2025-05-19T12:17:22+00:00","dateModified":"2025-07-30T09:31:23+00:00","breadcrumb":{"@id":"https:\/\/www.letsgocompany.com\/es\/evento\/el-fantasma-de-la-opera-2\/#breadcrumb"},"inLanguage":"es","potentialAction":[{"@type":"ReadAction","target":["https:\/\/www.letsgocompany.com\/es\/evento\/el-fantasma-de-la-opera-2\/"]}]},{"@type":"ImageObject","inLanguage":"es","@id":"https:\/\/www.letsgocompany.com\/es\/evento\/el-fantasma-de-la-opera-2\/#primaryimage","url":"https:\/\/www.letsgocompany.com\/wp-content\/uploads\/2025\/05\/FANTASMA_GIRA-1.png","contentUrl":"https:\/\/www.letsgocompany.com\/wp-content\/uploads\/2025\/05\/FANTASMA_GIRA-1.png"},{"@type":"BreadcrumbList","@id":"https:\/\/www.letsgocompany.com\/es\/evento\/el-fantasma-de-la-opera-2\/#breadcrumb","itemListElement":[{"@type":"ListItem","position":1,"name":"Portada","item":"https:\/\/www.letsgocompany.com\/es\/"},{"@type":"ListItem","position":2,"name":"El Fantasma de la \u00d3pera"}]},{"@type":"WebSite","@id":"https:\/\/www.letsgocompany.com\/es\/#website","url":"https:\/\/www.letsgocompany.com\/es\/","name":"LetsGo","description":"","potentialAction":[{"@type":"SearchAction","target":{"@type":"EntryPoint","urlTemplate":"https:\/\/www.letsgocompany.com\/es\/?s={search_term_string}"},"query-input":{"@type":"PropertyValueSpecification","valueRequired":true,"valueName":"search_term_string"}}],"inLanguage":"es"}]}},"_links":{"self":[{"href":"https:\/\/www.letsgocompany.com\/es\/wp-json\/wp\/v2\/evento\/3911","targetHints":{"allow":["GET"]}}],"collection":[{"href":"https:\/\/www.letsgocompany.com\/es\/wp-json\/wp\/v2\/evento"}],"about":[{"href":"https:\/\/www.letsgocompany.com\/es\/wp-json\/wp\/v2\/types\/evento"}],"version-history":[{"count":0,"href":"https:\/\/www.letsgocompany.com\/es\/wp-json\/wp\/v2\/evento\/3911\/revisions"}],"wp:featuredmedia":[{"embeddable":true,"href":"https:\/\/www.letsgocompany.com\/es\/wp-json\/wp\/v2\/media\/4842"}],"wp:attachment":[{"href":"https:\/\/www.letsgocompany.com\/es\/wp-json\/wp\/v2\/media?parent=3911"}],"wp:term":[{"taxonomy":"categoria-de-evento","embeddable":true,"href":"https:\/\/www.letsgocompany.com\/es\/wp-json\/wp\/v2\/categoria-de-evento?post=3911"}],"curies":[{"name":"wp","href":"https:\/\/api.w.org\/{rel}","templated":true}]}}